{"id":10827,"date":"2026-08-04T17:47:43","date_gmt":"2026-08-04T17:47:43","guid":{"rendered":"https:\/\/projetoslayerup.com.br\/smeducacao\/obras-literarias\/a-guardia-dos-segredos-de-familia\/"},"modified":"2026-08-25T20:40:31","modified_gmt":"2026-08-25T20:40:31","slug":"a-guardia-dos-segredos-de-familia","status":"publish","type":"livros_literatura","link":"https:\/\/projetoslayerup.com.br\/smeducacao\/obras-literarias\/a-guardia-dos-segredos-de-familia\/","title":{"rendered":"A guardi\u00e3 dos segredos de fam\u00edlia"},"excerpt":{"rendered":"","protected":false},"featured_media":13702,"template":"","meta":{"_acf_changed":false},"componente_curricular":[],"autor":[419],"ilustrador":[1080],"colecao_literatura":[568],"tema_literatura":[1725,1682,1722,1726],"ano_escolar_literatura":[210],"segmento_literatura":[1568],"tradutor":[],"class_list":["post-10827","livros_literatura","type-livros_literatura","status-publish","has-post-thumbnail","hentry","autor-stella-maris-rezende","ilustrador-leguy","colecao_literatura-bv-laranja","tema_literatura-orfandade","tema_literatura-pobreza","tema_literatura-protagonismo-juvenil","tema_literatura-resiliencia","ano_escolar_literatura-5o-e-6o-ano","segmento_literatura-ensino-fundamental"],"acf":[],"yoast_head":"<!-- This site is optimized with the Yoast SEO plugin v28.3 - https:\/\/yoast.com\/product\/yoast-seo-wordpress\/ -->\n<title>A guardi\u00e3 dos segredos de fam\u00edlia - SM Educa\u00e7\u00e3o - Juntos cuidamos da educa\u00e7\u00e3o!<\/title>\n<meta name=\"description\" content=\"Aos treze anos, Nenenzinha \u00e9 uma \u201cmiun\u00e7a\u201d de gente, uma \u201cfripinha\u201d de nada que se agiganta quando quer muito uma coisa. Por isso, n\u00e3o hesita em sair da casa dos pais para cuidar de quatro sobrinhos \u00f3rf\u00e3os, pouco mais novos do que ela.\" \/>\n<meta name=\"robots\" content=\"noindex, follow, max-snippet:-1, max-image-preview:large, max-video-preview:-1\" \/>\n<meta property=\"og:locale\" content=\"pt_BR\" \/>\n<meta property=\"og:type\" content=\"article\" \/>\n<meta property=\"og:title\" content=\"A guardi\u00e3 dos segredos de fam\u00edlia - SM Educa\u00e7\u00e3o - Juntos cuidamos da educa\u00e7\u00e3o!\" \/>\n<meta property=\"og:description\" content=\"Aos treze anos, Nenenzinha \u00e9 uma \u201cmiun\u00e7a\u201d de gente, uma \u201cfripinha\u201d de nada que se agiganta quando quer muito uma coisa. Por isso, n\u00e3o hesita em sair da casa dos pais para cuidar de quatro sobrinhos \u00f3rf\u00e3os, pouco mais novos do que ela.\" \/>\n<meta property=\"og:url\" content=\"https:\/\/projetoslayerup.com.br\/smeducacao\/obras-literarias\/a-guardia-dos-segredos-de-familia\/\" \/>\n<meta property=\"og:site_name\" content=\"SM Educa\u00e7\u00e3o - Juntos cuidamos da educa\u00e7\u00e3o!\" \/>\n<meta property=\"article:modified_time\" content=\"2026-08-25T20:40:31+00:00\" \/>\n<meta property=\"og:image\" content=\"https:\/\/projetoslayerup.com.br\/smeducacao\/wp-content\/uploads\/2026\/08\/A-GUARDIA-DOS-SEGREDOS-DE-FAMILIA_alta.webp\" \/>\n\t<meta property=\"og:image:width\" content=\"1417\" \/>\n\t<meta property=\"og:image:height\" content=\"2242\" \/>\n\t<meta property=\"og:image:type\" content=\"image\/webp\" \/>\n<meta name=\"twitter:card\" content=\"summary_large_image\" \/>\n<meta name=\"twitter:label1\" content=\"Est. tempo de leitura\" \/>\n\t<meta name=\"twitter:data1\" content=\"1 minuto\" \/>\n<script type=\"application\/ld+json\" class=\"yoast-schema-graph\">{\"@context\":\"https:\\\/\\\/schema.org\",\"@graph\":[{\"@type\":\"WebPage\",\"@id\":\"https:\\\/\\\/projetoslayerup.com.br\\\/smeducacao\\\/obras-literarias\\\/a-guardia-dos-segredos-de-familia\\\/\",\"url\":\"https:\\\/\\\/projetoslayerup.com.br\\\/smeducacao\\\/obras-literarias\\\/a-guardia-dos-segredos-de-familia\\\/\",\"name\":\"A guardi\u00e3 dos segredos de fam\u00edlia - SM Educa\u00e7\u00e3o - Juntos cuidamos da educa\u00e7\u00e3o!\",\"isPartOf\":{\"@id\":\"https:\\\/\\\/projetoslayerup.com.br\\\/smeducacao\\\/#website\"},\"primaryImageOfPage\":{\"@id\":\"https:\\\/\\\/projetoslayerup.com.br\\\/smeducacao\\\/obras-literarias\\\/a-guardia-dos-segredos-de-familia\\\/#primaryimage\"},\"image\":{\"@id\":\"https:\\\/\\\/projetoslayerup.com.br\\\/smeducacao\\\/obras-literarias\\\/a-guardia-dos-segredos-de-familia\\\/#primaryimage\"},\"thumbnailUrl\":\"https:\\\/\\\/projetoslayerup.com.br\\\/smeducacao\\\/wp-content\\\/uploads\\\/2026\\\/08\\\/A-GUARDIA-DOS-SEGREDOS-DE-FAMILIA_alta.webp\",\"datePublished\":\"2026-08-04T17:47:43+00:00\",\"dateModified\":\"2026-08-25T20:40:31+00:00\",\"description\":\"Aos treze anos, Nenenzinha \u00e9 uma \u201cmiun\u00e7a\u201d de gente, uma \u201cfripinha\u201d de nada que se agiganta quando quer muito uma coisa. Por isso, n\u00e3o hesita em sair da casa dos pais para cuidar de quatro sobrinhos \u00f3rf\u00e3os, pouco mais novos do que ela.\",\"breadcrumb\":{\"@id\":\"https:\\\/\\\/projetoslayerup.com.br\\\/smeducacao\\\/obras-literarias\\\/a-guardia-dos-segredos-de-familia\\\/#breadcrumb\"},\"inLanguage\":\"pt-BR\",\"potentialAction\":[{\"@type\":\"ReadAction\",\"target\":[\"https:\\\/\\\/projetoslayerup.com.br\\\/smeducacao\\\/obras-literarias\\\/a-guardia-dos-segredos-de-familia\\\/\"]}]},{\"@type\":\"ImageObject\",\"inLanguage\":\"pt-BR\",\"@id\":\"https:\\\/\\\/projetoslayerup.com.br\\\/smeducacao\\\/obras-literarias\\\/a-guardia-dos-segredos-de-familia\\\/#primaryimage\",\"url\":\"https:\\\/\\\/projetoslayerup.com.br\\\/smeducacao\\\/wp-content\\\/uploads\\\/2026\\\/08\\\/A-GUARDIA-DOS-SEGREDOS-DE-FAMILIA_alta.webp\",\"contentUrl\":\"https:\\\/\\\/projetoslayerup.com.br\\\/smeducacao\\\/wp-content\\\/uploads\\\/2026\\\/08\\\/A-GUARDIA-DOS-SEGREDOS-DE-FAMILIA_alta.webp\",\"width\":1417,\"height\":2242},{\"@type\":\"BreadcrumbList\",\"@id\":\"https:\\\/\\\/projetoslayerup.com.br\\\/smeducacao\\\/obras-literarias\\\/a-guardia-dos-segredos-de-familia\\\/#breadcrumb\",\"itemListElement\":[{\"@type\":\"ListItem\",\"position\":1,\"name\":\"In\u00edcio\",\"item\":\"https:\\\/\\\/projetoslayerup.com.br\\\/smeducacao\\\/\"},{\"@type\":\"ListItem\",\"position\":2,\"name\":\"A guardi\u00e3 dos segredos de fam\u00edlia\"}]},{\"@type\":\"WebSite\",\"@id\":\"https:\\\/\\\/projetoslayerup.com.br\\\/smeducacao\\\/#website\",\"url\":\"https:\\\/\\\/projetoslayerup.com.br\\\/smeducacao\\\/\",\"name\":\"SM Educa\u00e7\u00e3o - Juntos cuidamos da educa\u00e7\u00e3o!\",\"description\":\"Transformamos a educa\u00e7\u00e3o por meio de solu\u00e7\u00f5es digitais, solu\u00e7\u00f5es did\u00e1ticas para uma aprendizagem personalizada e solu\u00e7\u00f5es estrat\u00e9gicas eficientes. Juntos cuidamos da Educa\u00e7\u00e3o!\",\"potentialAction\":[{\"@type\":\"SearchAction\",\"target\":{\"@type\":\"EntryPoint\",\"urlTemplate\":\"https:\\\/\\\/projetoslayerup.com.br\\\/smeducacao\\\/?s={search_term_string}\"},\"query-input\":{\"@type\":\"PropertyValueSpecification\",\"valueRequired\":true,\"valueName\":\"search_term_string\"}}],\"inLanguage\":\"pt-BR\"}]}<\/script>\n<!-- \/ Yoast SEO plugin. -->","yoast_head_json":{"title":"A guardi\u00e3 dos segredos de fam\u00edlia - SM Educa\u00e7\u00e3o - Juntos cuidamos da educa\u00e7\u00e3o!","description":"Aos treze anos, Nenenzinha \u00e9 uma \u201cmiun\u00e7a\u201d de gente, uma \u201cfripinha\u201d de nada que se agiganta quando quer muito uma coisa. Por isso, n\u00e3o hesita em sair da casa dos pais para cuidar de quatro sobrinhos \u00f3rf\u00e3os, pouco mais novos do que ela.","robots":{"index":"noindex","follow":"follow","max-snippet":"max-snippet:-1","max-image-preview":"max-image-preview:large","max-video-preview":"max-video-preview:-1"},"og_locale":"pt_BR","og_type":"article","og_title":"A guardi\u00e3 dos segredos de fam\u00edlia - SM Educa\u00e7\u00e3o - Juntos cuidamos da educa\u00e7\u00e3o!","og_description":"Aos treze anos, Nenenzinha \u00e9 uma \u201cmiun\u00e7a\u201d de gente, uma \u201cfripinha\u201d de nada que se agiganta quando quer muito uma coisa. Por isso, n\u00e3o hesita em sair da casa dos pais para cuidar de quatro sobrinhos \u00f3rf\u00e3os, pouco mais novos do que ela.","og_url":"https:\/\/projetoslayerup.com.br\/smeducacao\/obras-literarias\/a-guardia-dos-segredos-de-familia\/","og_site_name":"SM Educa\u00e7\u00e3o - Juntos cuidamos da educa\u00e7\u00e3o!","article_modified_time":"2026-08-25T20:40:31+00:00","og_image":[{"width":1417,"height":2242,"url":"https:\/\/projetoslayerup.com.br\/smeducacao\/wp-content\/uploads\/2026\/08\/A-GUARDIA-DOS-SEGREDOS-DE-FAMILIA_alta.webp","type":"image\/webp"}],"twitter_card":"summary_large_image","twitter_misc":{"Est. tempo de leitura":"1 minuto"},"schema":{"@context":"https:\/\/schema.org","@graph":[{"@type":"WebPage","@id":"https:\/\/projetoslayerup.com.br\/smeducacao\/obras-literarias\/a-guardia-dos-segredos-de-familia\/","url":"https:\/\/projetoslayerup.com.br\/smeducacao\/obras-literarias\/a-guardia-dos-segredos-de-familia\/","name":"A guardi\u00e3 dos segredos de fam\u00edlia - SM Educa\u00e7\u00e3o - Juntos cuidamos da educa\u00e7\u00e3o!","isPartOf":{"@id":"https:\/\/projetoslayerup.com.br\/smeducacao\/#website"},"primaryImageOfPage":{"@id":"https:\/\/projetoslayerup.com.br\/smeducacao\/obras-literarias\/a-guardia-dos-segredos-de-familia\/#primaryimage"},"image":{"@id":"https:\/\/projetoslayerup.com.br\/smeducacao\/obras-literarias\/a-guardia-dos-segredos-de-familia\/#primaryimage"},"thumbnailUrl":"https:\/\/projetoslayerup.com.br\/smeducacao\/wp-content\/uploads\/2026\/08\/A-GUARDIA-DOS-SEGREDOS-DE-FAMILIA_alta.webp","datePublished":"2026-08-04T17:47:43+00:00","dateModified":"2026-08-25T20:40:31+00:00","description":"Aos treze anos, Nenenzinha \u00e9 uma \u201cmiun\u00e7a\u201d de gente, uma \u201cfripinha\u201d de nada que se agiganta quando quer muito uma coisa. Por isso, n\u00e3o hesita em sair da casa dos pais para cuidar de quatro sobrinhos \u00f3rf\u00e3os, pouco mais novos do que ela.","breadcrumb":{"@id":"https:\/\/projetoslayerup.com.br\/smeducacao\/obras-literarias\/a-guardia-dos-segredos-de-familia\/#breadcrumb"},"inLanguage":"pt-BR","potentialAction":[{"@type":"ReadAction","target":["https:\/\/projetoslayerup.com.br\/smeducacao\/obras-literarias\/a-guardia-dos-segredos-de-familia\/"]}]},{"@type":"ImageObject","inLanguage":"pt-BR","@id":"https:\/\/projetoslayerup.com.br\/smeducacao\/obras-literarias\/a-guardia-dos-segredos-de-familia\/#primaryimage","url":"https:\/\/projetoslayerup.com.br\/smeducacao\/wp-content\/uploads\/2026\/08\/A-GUARDIA-DOS-SEGREDOS-DE-FAMILIA_alta.webp","contentUrl":"https:\/\/projetoslayerup.com.br\/smeducacao\/wp-content\/uploads\/2026\/08\/A-GUARDIA-DOS-SEGREDOS-DE-FAMILIA_alta.webp","width":1417,"height":2242},{"@type":"BreadcrumbList","@id":"https:\/\/projetoslayerup.com.br\/smeducacao\/obras-literarias\/a-guardia-dos-segredos-de-familia\/#breadcrumb","itemListElement":[{"@type":"ListItem","position":1,"name":"In\u00edcio","item":"https:\/\/projetoslayerup.com.br\/smeducacao\/"},{"@type":"ListItem","position":2,"name":"A guardi\u00e3 dos segredos de fam\u00edlia"}]},{"@type":"WebSite","@id":"https:\/\/projetoslayerup.com.br\/smeducacao\/#website","url":"https:\/\/projetoslayerup.com.br\/smeducacao\/","name":"SM Educa\u00e7\u00e3o - Juntos cuidamos da educa\u00e7\u00e3o!","description":"Transformamos a educa\u00e7\u00e3o por meio de solu\u00e7\u00f5es digitais, solu\u00e7\u00f5es did\u00e1ticas para uma aprendizagem personalizada e solu\u00e7\u00f5es estrat\u00e9gicas eficientes. Juntos cuidamos da Educa\u00e7\u00e3o!","potentialAction":[{"@type":"SearchAction","target":{"@type":"EntryPoint","urlTemplate":"https:\/\/projetoslayerup.com.br\/smeducacao\/?s={search_term_string}"},"query-input":{"@type":"PropertyValueSpecification","valueRequired":true,"valueName":"search_term_string"}}],"inLanguage":"pt-BR"}]}},"_links":{"self":[{"href":"https:\/\/projetoslayerup.com.br\/smeducacao\/wp-json\/wp\/v2\/livros_literatura\/10827","targetHints":{"allow":["GET"]}}],"collection":[{"href":"https:\/\/projetoslayerup.com.br\/smeducacao\/wp-json\/wp\/v2\/livros_literatura"}],"about":[{"href":"https:\/\/projetoslayerup.com.br\/smeducacao\/wp-json\/wp\/v2\/types\/livros_literatura"}],"wp:featuredmedia":[{"embeddable":true,"href":"https:\/\/projetoslayerup.com.br\/smeducacao\/wp-json\/wp\/v2\/media\/13702"}],"wp:attachment":[{"href":"https:\/\/projetoslayerup.com.br\/smeducacao\/wp-json\/wp\/v2\/media?parent=10827"}],"wp:term":[{"taxonomy":"componente_curricular","embeddable":true,"href":"https:\/\/projetoslayerup.com.br\/smeducacao\/wp-json\/wp\/v2\/componente_curricular?post=10827"},{"taxonomy":"autor","embeddable":true,"href":"https:\/\/projetoslayerup.com.br\/smeducacao\/wp-json\/wp\/v2\/autor?post=10827"},{"taxonomy":"ilustrador","embeddable":true,"href":"https:\/\/projetoslayerup.com.br\/smeducacao\/wp-json\/wp\/v2\/ilustrador?post=10827"},{"taxonomy":"colecao_literatura","embeddable":true,"href":"https:\/\/projetoslayerup.com.br\/smeducacao\/wp-json\/wp\/v2\/colecao_literatura?post=10827"},{"taxonomy":"tema_literatura","embeddable":true,"href":"https:\/\/projetoslayerup.com.br\/smeducacao\/wp-json\/wp\/v2\/tema_literatura?post=10827"},{"taxonomy":"ano_escolar_literatura","embeddable":true,"href":"https:\/\/projetoslayerup.com.br\/smeducacao\/wp-json\/wp\/v2\/ano_escolar_literatura?post=10827"},{"taxonomy":"segmento_literatura","embeddable":true,"href":"https:\/\/projetoslayerup.com.br\/smeducacao\/wp-json\/wp\/v2\/segmento_literatura?post=10827"},{"taxonomy":"tradutor","embeddable":true,"href":"https:\/\/projetoslayerup.com.br\/smeducacao\/wp-json\/wp\/v2\/tradutor?post=10827"}],"curies":[{"name":"wp","href":"https:\/\/api.w.org\/{rel}","templated":true}]}}