{"id":11810,"date":"2026-08-13T16:50:38","date_gmt":"2026-08-13T16:50:38","guid":{"rendered":"https:\/\/projetoslayerup.com.br\/smeducacao\/?page_id=11810"},"modified":"2026-08-17T19:43:52","modified_gmt":"2026-08-17T19:43:52","slug":"politica-de-privacidade","status":"publish","type":"page","link":"https:\/\/projetoslayerup.com.br\/smeducacao\/politica-de-privacidade\/","title":{"rendered":"Pol\u00edtica de privacidade"},"content":{"rendered":"<p class=\"text-align-justify\"><strong>1. IDENTIFICA\u00c7\u00c3O<\/strong><\/p>\n<p class=\"text-align-justify\"><strong>Edi\u00e7\u00f5es SM LTDA.<\/strong>cujo nome fantasia \u00e9 SM EDUCA\u00c7\u00c3O, sociedade empres\u00e1ria limitada regularmente inscrita no CNPJ\/MF sob o n\u00ba 05.699.378\/0001-49, com sede na cidade de S\u00e3o Paulo\/SP, na Avenida Paulista,1842 \u2013 18\u00ba andar, conjuntos 185, 186 e 187, Edif\u00edcio Cetenco Plaza &#8211; Torre Norte, Bairro Bela Vista, CEP 01310-945.<\/p>\n<p class=\"text-align-justify\">Encarregado de dados:\u00a0<a href=\"https:\/\/contactodpo.grupo-sm.com\/\" target=\"_blank\" rel=\"noopener\">https:\/\/contactodpo.grupo-sm.com<\/a><\/p>\n<p class=\"text-align-justify\">\u00c9 compromisso do GRUPO-SM respeitar a privacidade e assegurar a prote\u00e7\u00e3o dos dados pessoais daqueles que acessam e\/ou s\u00e3o usu\u00e1rios de nossos produtos e servi\u00e7os, ou est\u00e3o interessados em ser informados sobre eles. Portanto, atrav\u00e9s deste documento, n\u00f3s o informamos sobre a forma como coletamos, tratamos e protegemos suas informa\u00e7\u00f5es pessoais.<\/p>\n<p class=\"text-align-justify\">Voc\u00ea deve ler esta Pol\u00edtica de Privacidade cuidadosamente e determinar livre e voluntariamente se deseja fornecer seus dados pessoais ao Controlador sob as condi\u00e7\u00f5es aqui estabelecidas.<\/p>\n<p class=\"text-align-justify\"><strong>2. PARA QUE PROP\u00d3SITO PROCESSAMOS SEUS DADOS PESSOAIS E POR QUANTO TEMPO?<\/strong><\/p>\n<p class=\"text-align-justify\">Os dados pessoais recolhidos atrav\u00e9s deste formul\u00e1rio ser\u00e3o tratados pelo Controlador de acordo com as seguintes finalidades:<\/p>\n<ul>\n<li>\n<p class=\"text-align-justify\">Gerenciar os servi\u00e7os e benef\u00edcios associados \u00e0 atividade para o qual voc\u00ea est\u00e1 se candidatando ou objeto do fornecimento de dados. Em particular, o Controlador pode tratar seus dados para:<\/p>\n<\/li>\n<li>\n<p class=\"text-align-justify\">Gerenciar o envio por qualquer meio, inclusive eletr\u00f4nico, de comunica\u00e7\u00f5es e ofertas comerciais tanto de nossos pr\u00f3prios produtos e servi\u00e7os quanto dos das entidades do grupo SM (<a href=\"https:\/\/projetoslayerup.com.br\/smeducacao\/\"><u>www.grupo-sm.com<\/u><\/a>) principalmente nas \u00e1reas editorial, de treinamento e educa\u00e7\u00e3o.<\/p>\n<\/li>\n<li>\n<p class=\"text-align-justify\">Gerenciar o envio de convites para eventos organizados pelo grupo.<\/p>\n<\/li>\n<li>\n<p class=\"text-align-justify\">Gerenciar seus contatos e\/ou solicita\u00e7\u00f5es de informa\u00e7\u00f5es feitas atrav\u00e9s dos formul\u00e1rios de contato do site.<\/p>\n<\/li>\n<li>\n<p class=\"text-align-justify\">Envio da nossa\u00a0<em>newsletter<\/em>, caso voc\u00ea tenha os dados tamb\u00e9m podem ser utilizados para a elabora\u00e7\u00e3o de um perfil comercial do usu\u00e1rio para permitir um melhor cumprimento das finalidades acima mencionadas (execu\u00e7\u00e3o da campanha ou atividade, envio de comunica\u00e7\u00f5es em conson\u00e2ncia com seus interesses, etc.). Em nenhuma circunst\u00e2ncia ser\u00e3o tomadas decis\u00f5es automatizadas com base nessas informa\u00e7\u00f5es.<\/p>\n<\/li>\n<\/ul>\n<p class=\"text-align-justify\">Os dados ser\u00e3o mantidos pelo tempo necess\u00e1rio para a realiza\u00e7\u00e3o dos fins para os quais foram coletados, a menos que o usu\u00e1rio solicite a remo\u00e7\u00e3o, oposi\u00e7\u00e3o ou revoga\u00e7\u00e3o do consentimento do Controlador, ou que exista uma obriga\u00e7\u00e3o legal de mant\u00ea-los por um per\u00edodo maior.<\/p>\n<p class=\"text-align-justify\"><strong>3.- QUE DADOS VAMOS TRATAR?<\/strong><\/p>\n<p class=\"text-align-justify\">As categorias de dados a serem tratados pelo Controlador s\u00e3o determinadas pelo formul\u00e1rio preenchido pelo usu\u00e1rio, ao qual a presente Pol\u00edtica de Privacidade est\u00e1 anexada. Da mesma forma, o tratamento de dados obtidos atrav\u00e9s de fontes externas, incluindo a an\u00e1lise de informa\u00e7\u00f5es obtidas por outros meios pelas empresas do grupo SM, pode ser realizado, sempre para os fins expressos acima. No caso de fornecer dados de terceiros, voc\u00ea declara que tem o direito legal de faz\u00ea-lo e\/ou, quando aplic\u00e1vel, voc\u00ea tem o consentimento dos terceiros, e voc\u00ea se compromete a transferir as informa\u00e7\u00f5es contidas nessa Pol\u00edtica de Privacidade ao interessado, que \u00e9 o propriet\u00e1rio dos referidos dados, isentando o Controlador de qualquer responsabilidade a este respeito. No entanto, o Controlador pode realizar as verifica\u00e7\u00f5es necess\u00e1rias para verificar esse fato, adotando as correspondentes medidas de\u00a0<em>due diligence<\/em>, de acordo com as normas de prote\u00e7\u00e3o de dados.<\/p>\n<p class=\"text-align-justify\"><strong>4.- QUANDO \u00c9 OBRIGAT\u00d3RIO FORNECER DADOS?<\/strong><\/p>\n<p class=\"text-align-justify\">No formul\u00e1rio correspondente que o usu\u00e1rio preencher\u00e1, ser\u00e1 indicado quais dos dados solicitados s\u00e3o obrigat\u00f3rios para o cumprimento das finalidades estabelecidas. Portanto, se esses dados n\u00e3o forem fornecidos ou n\u00e3o forem fornecidos corretamente, n\u00e3o ser\u00e1 poss\u00edvel atender \u00e0s solicita\u00e7\u00f5es dos usu\u00e1rios ou fazer uso do servi\u00e7o ou presta\u00e7\u00e3o em quest\u00e3o.<\/p>\n<p class=\"text-align-justify\"><strong>5.- QUAL \u00c9 A LEGITIMIDADE DO TRATAMENTO DOS SEUS DADOS?<\/strong><\/p>\n<p class=\"text-align-justify\">O tratamento de dados \u00e9 necess\u00e1rio para a manuten\u00e7\u00e3o e execu\u00e7\u00e3o eficiente da rela\u00e7\u00e3o comercial derivada da atividade do Controlador pelo registro e o cumprimento das obriga\u00e7\u00f5es legais do Controlador em rela\u00e7\u00e3o ao mesmo. Por sua vez, a base legal para a utiliza\u00e7\u00e3o dos dados para fins de marketing, incluindo a cria\u00e7\u00e3o de um perfil comercial para garantir que as comunica\u00e7\u00f5es estejam de acordo com os interesses do titular dos dados, ser\u00e1 o leg\u00edtimo interesse das SM reconhecidas pela legisla\u00e7\u00e3o, uma vez que esta utiliza\u00e7\u00e3o \u00e9 limitada a produtos e servi\u00e7os exclusivamente do grupo SM e do mesmo tipo dos da campanha ou atividade (sempre nas \u00e1reas de publica\u00e7\u00e3o, treinamento e educa\u00e7\u00e3o). A participa\u00e7\u00e3o na campanha ou atividade n\u00e3o estar\u00e1 sujeita \u00e0 aceita\u00e7\u00e3o de tal tratamento para fins de marketing, e os procedimentos pertinentes para obje\u00e7\u00e3o a tal tratamento dever\u00e3o, portanto, estar em vigor.<\/p>\n<p class=\"text-align-justify\"><strong>6.- POSSO RECEBER COMUNICA\u00c7\u00d5ES COMERCIAIS E PROMOCIONAIS?<\/strong><\/p>\n<p class=\"text-align-justify\">Sempre que qualquer comunica\u00e7\u00e3o deste tipo for feita, estar\u00e1 de acordo com as finalidades indicadas nesta Pol\u00edtica e ser\u00e1 dirigida \u00fanica e exclusivamente aos usu\u00e1rios para os quais o Controlador tenha a correspondente legitimidade, conforme indicado acima. Al\u00e9m disso, se no futuro voc\u00ea desejar se opor ao tratamento ou revogar seu consentimento e deixar de receber comunica\u00e7\u00f5es comerciais ou promocionais, voc\u00ea pode solicit\u00e1-lo entrando em contato com nosso Controlador pela prote\u00e7\u00e3o de dados, ou indicando-o por meio da op\u00e7\u00e3o de cancelar a assinatura fornecida em cada uma das comunica\u00e7\u00f5es comerciais enviadas. A realiza\u00e7\u00e3o dessas a\u00e7\u00f5es n\u00e3o afetar\u00e1 a legalidade do tratamento realizado anteriormente.<\/p>\n<p class=\"text-align-justify\"><strong>7.- COM QUEM VAMOS COMPARTILHAR OS DADOS?<\/strong><\/p>\n<p class=\"text-align-justify\">Os dados do usu\u00e1rio podem ser comunicados \u00e0s entidades do grupo SM, seja porque (i) necessitam deles para realizar a atividade na qual o usu\u00e1rio se cadastrou, ou (ii) desde que tenhamos o direito de faz\u00ea-lo, conforme indicado acima, para enviar comunica\u00e7\u00f5es comerciais sobre os produtos e servi\u00e7os oferecidos pelas empresas que formam o grupo SM, nas \u00e1reas de publica\u00e7\u00e3o, treinamento e educa\u00e7\u00e3o. Quando as condi\u00e7\u00f5es legais da atividade ou campanha assim o indicarem expressamente, determinados dados poder\u00e3o ser publicados pelo Controlador em qualquer portal de grupo SM ou rede social (Twitter, Facebook, Instagram, etc.). Al\u00e9m disso, os dados poder\u00e3o ser acess\u00edveis pelos fornecedores da Parte Controlador, sempre que necess\u00e1rio ou apropriado para o adequado cumprimento das obriga\u00e7\u00f5es legais e\/ou das finalidades indicadas acima. Tais fornecedores n\u00e3o devem tratar seus dados para seus pr\u00f3prios fins.<\/p>\n<p class=\"text-align-justify\"><strong>8.- ONDE OS DADOS SER\u00c3O TRATADOS?<\/strong><\/p>\n<p class=\"text-align-justify\">Caso, para o correto desenvolvimento do relacionamento entre os usu\u00e1rios e o Controlador, seja absolutamente necess\u00e1rio que o tratamento dos dados pessoais seja realizado, parcial ou totalmente, fora do territ\u00f3rio nacional, ser\u00e1 garantido um n\u00edvel adequado de prote\u00e7\u00e3o de acordo com a legisla\u00e7\u00e3o aplic\u00e1vel, seja porque o pa\u00eds ou organiza\u00e7\u00e3o de destino oferece tal prote\u00e7\u00e3o, seja porque a pessoa ou entidade encarregada do tratamento se comprometeu contratualmente com ela. Para mais informa\u00e7\u00f5es sobre estas garantias, entre em contato com o Encarregado da Prote\u00e7\u00e3o de Dados.<\/p>\n<p class=\"text-align-justify\"><strong>9.- QUAIS DIREITOS O USU\u00c1RIO TEM E COMO PODE EXERC\u00ca-LOS?<\/strong><\/p>\n<p class=\"text-align-justify\">A qualquer momento e gratuitamente, o usu\u00e1rio pode exercer os direitos reconhecidos pelo regulamento de prote\u00e7\u00e3o de dados antes do Controlador (revogar o consentimento, acessar os dados em tratamento, retific\u00e1-los, solicitar sua elimina\u00e7\u00e3o ou portabilidade e\/ou limitar seu tratamento, conforme necess\u00e1rio). Para exercer esses direitos, ser\u00e1 necess\u00e1rio entrar em contato com nosso Encarregado da Prote\u00e7\u00e3o de Dados atrav\u00e9s dos canais do Grupo SM acima indicados, indicando o direito ou direitos que voc\u00ea deseja exercer. O Controlador estudar\u00e1 o seu pedido para lhe dar uma resposta o mais r\u00e1pido poss\u00edvel. Note que os direitos indicados s\u00f3 podem ser atendidos nos casos previstos nas normas de prote\u00e7\u00e3o de dados.<\/p>\n<p class=\"text-align-justify\"><strong>10.\u00a0 QUAIS RESPONSABILIDADES O USU\u00c1RIO TEM EM RELA\u00c7\u00c3O AOS DADOS?<\/strong><\/p>\n<p class=\"text-align-justify\">\u00a0O usu\u00e1rio:<\/p>\n<ul>\n<li>\n<p class=\"text-align-justify\">Ela garante que possui a idade e a capacidade legal necess\u00e1rias para fornecer ao Controlador e autorizar o tratamento dos dados nos termos desta Pol\u00edtica de Privacidade, e que tais dados s\u00e3o verdadeiros, precisos, completos e atualizados. Para tanto, o usu\u00e1rio \u00e9 Controlador pela veracidade de todos os dados que comunicar e manter\u00e1 as informa\u00e7\u00f5es fornecidas devidamente atualizadas, de forma que elas correspondam \u00e0 sua situa\u00e7\u00e3o<\/p>\n<\/li>\n<li>\n<p class=\"text-align-justify\">Garante que, no caso de fornecer dados de terceiros, informou-os de todos os aspectos contidos nesta Pol\u00edtica de Privacidade, bem como que, ou tem o direito legal de realizar tal comunica\u00e7\u00e3o de dados para os fins indicados ou, se for o caso, que obteve a autoriza\u00e7\u00e3o do terceiro para faz\u00ea-lo.<\/p>\n<\/li>\n<li>\n<p class=\"text-align-justify\">Ele ser\u00e1 respons\u00e1vel por quaisquer informa\u00e7\u00f5es falsas ou inexatas que fornece e por quaisquer danos, diretos ou indiretos, que isso possa causar \u00e0 Pessoa Controlador ou a terceiros.<\/p>\n<\/li>\n<\/ul>\n<p class=\"text-align-justify\">\u00a0<strong>11.\u00a0 QUE MEDIDAS DE SEGURAN\u00c7A VAMOS ADOTAR NO TRATAMENTO DE DADOS?<\/strong><\/p>\n<p class=\"text-align-justify\">Os dados ser\u00e3o mantidos pelo Controlador em sistemas que garantam a m\u00e1xima confidencialidade e seguran\u00e7a das informa\u00e7\u00f5es, de acordo com a regulamenta\u00e7\u00e3o aplic\u00e1vel, adotando as medidas t\u00e9cnicas e organizacionais necess\u00e1rias para evitar sua altera\u00e7\u00e3o, perda, tratamento ou acesso n\u00e3o autorizado, levando em conta o estado da tecnologia, a natureza dos dados e os riscos aos quais est\u00e3o expostos.<\/p>\n<p>\u00a0 \u00daltima atualiza\u00e7\u00e3o: 25\/06\/2025<\/p>\n","protected":false},"excerpt":{"rendered":"<p>1. IDENTIFICA\u00c7\u00c3O Edi\u00e7\u00f5es SM LTDA.cujo nome fantasia \u00e9 SM EDUCA\u00c7\u00c3O, sociedade empres\u00e1ria limitada regularmente inscrita no CNPJ\/MF sob o n\u00ba 05.699.378\/0001-49, com sede na cidade de S\u00e3o Paulo\/SP, na Avenida Paulista,1842 \u2013 18\u00ba andar, conjuntos 185, 186 e 187, Edif\u00edcio Cetenco Plaza &#8211; Torre Norte, Bairro Bela Vista, CEP 01310-945. Encarregado de dados:\u00a0https:\/\/contactodpo.grupo-sm.com \u00c9 compromisso [&hellip;]<\/p>\n","protected":false},"author":1,"featured_media":0,"parent":0,"menu_order":0,"comment_status":"closed","ping_status":"closed","template":"","meta":{"_acf_changed":false,"footnotes":""},"class_list":["post-11810","page","type-page","status-publish","hentry"],"acf":[],"yoast_head":"<!-- This site is optimized with the Yoast SEO plugin v28.3 - https:\/\/yoast.com\/product\/yoast-seo-wordpress\/ -->\n<title>Pol\u00edtica de privacidade - SM Educa\u00e7\u00e3o - Juntos cuidamos da educa\u00e7\u00e3o!<\/title>\n<meta name=\"robots\" content=\"noindex, follow, max-snippet:-1, max-image-preview:large, max-video-preview:-1\" \/>\n<meta property=\"og:locale\" content=\"pt_BR\" \/>\n<meta property=\"og:type\" content=\"article\" \/>\n<meta property=\"og:title\" content=\"Pol\u00edtica de privacidade - SM Educa\u00e7\u00e3o - Juntos cuidamos da educa\u00e7\u00e3o!\" \/>\n<meta property=\"og:description\" content=\"1. IDENTIFICA\u00c7\u00c3O Edi\u00e7\u00f5es SM LTDA.cujo nome fantasia \u00e9 SM EDUCA\u00c7\u00c3O, sociedade empres\u00e1ria limitada regularmente inscrita no CNPJ\/MF sob o n\u00ba 05.699.378\/0001-49, com sede na cidade de S\u00e3o Paulo\/SP, na Avenida Paulista,1842 \u2013 18\u00ba andar, conjuntos 185, 186 e 187, Edif\u00edcio Cetenco Plaza &#8211; Torre Norte, Bairro Bela Vista, CEP 01310-945. Encarregado de dados:\u00a0https:\/\/contactodpo.grupo-sm.com \u00c9 compromisso [&hellip;]\" \/>\n<meta property=\"og:url\" content=\"https:\/\/projetoslayerup.com.br\/smeducacao\/politica-de-privacidade\/\" \/>\n<meta property=\"og:site_name\" content=\"SM Educa\u00e7\u00e3o - Juntos cuidamos da educa\u00e7\u00e3o!\" \/>\n<meta property=\"article:modified_time\" content=\"2026-08-17T19:43:52+00:00\" \/>\n<meta name=\"twitter:card\" content=\"summary_large_image\" \/>\n<meta name=\"twitter:label1\" content=\"Est. tempo de leitura\" \/>\n\t<meta name=\"twitter:data1\" content=\"8 minutos\" \/>\n<script type=\"application\/ld+json\" class=\"yoast-schema-graph\">{\"@context\":\"https:\\\/\\\/schema.org\",\"@graph\":[{\"@type\":\"WebPage\",\"@id\":\"https:\\\/\\\/projetoslayerup.com.br\\\/smeducacao\\\/politica-de-privacidade\\\/\",\"url\":\"https:\\\/\\\/projetoslayerup.com.br\\\/smeducacao\\\/politica-de-privacidade\\\/\",\"name\":\"Pol\u00edtica de privacidade - SM Educa\u00e7\u00e3o - Juntos cuidamos da educa\u00e7\u00e3o!\",\"isPartOf\":{\"@id\":\"https:\\\/\\\/projetoslayerup.com.br\\\/smeducacao\\\/#website\"},\"datePublished\":\"2026-08-13T16:50:38+00:00\",\"dateModified\":\"2026-08-17T19:43:52+00:00\",\"breadcrumb\":{\"@id\":\"https:\\\/\\\/projetoslayerup.com.br\\\/smeducacao\\\/politica-de-privacidade\\\/#breadcrumb\"},\"inLanguage\":\"pt-BR\",\"potentialAction\":[{\"@type\":\"ReadAction\",\"target\":[\"https:\\\/\\\/projetoslayerup.com.br\\\/smeducacao\\\/politica-de-privacidade\\\/\"]}]},{\"@type\":\"BreadcrumbList\",\"@id\":\"https:\\\/\\\/projetoslayerup.com.br\\\/smeducacao\\\/politica-de-privacidade\\\/#breadcrumb\",\"itemListElement\":[{\"@type\":\"ListItem\",\"position\":1,\"name\":\"In\u00edcio\",\"item\":\"https:\\\/\\\/projetoslayerup.com.br\\\/smeducacao\\\/\"},{\"@type\":\"ListItem\",\"position\":2,\"name\":\"Pol\u00edtica de privacidade\"}]},{\"@type\":\"WebSite\",\"@id\":\"https:\\\/\\\/projetoslayerup.com.br\\\/smeducacao\\\/#website\",\"url\":\"https:\\\/\\\/projetoslayerup.com.br\\\/smeducacao\\\/\",\"name\":\"SM Educa\u00e7\u00e3o - Juntos cuidamos da educa\u00e7\u00e3o!\",\"description\":\"Transformamos a educa\u00e7\u00e3o por meio de solu\u00e7\u00f5es digitais, solu\u00e7\u00f5es did\u00e1ticas para uma aprendizagem personalizada e solu\u00e7\u00f5es estrat\u00e9gicas eficientes. Juntos cuidamos da Educa\u00e7\u00e3o!\",\"potentialAction\":[{\"@type\":\"SearchAction\",\"target\":{\"@type\":\"EntryPoint\",\"urlTemplate\":\"https:\\\/\\\/projetoslayerup.com.br\\\/smeducacao\\\/?s={search_term_string}\"},\"query-input\":{\"@type\":\"PropertyValueSpecification\",\"valueRequired\":true,\"valueName\":\"search_term_string\"}}],\"inLanguage\":\"pt-BR\"}]}<\/script>\n<!-- \/ Yoast SEO plugin. -->","yoast_head_json":{"title":"Pol\u00edtica de privacidade - SM Educa\u00e7\u00e3o - Juntos cuidamos da educa\u00e7\u00e3o!","robots":{"index":"noindex","follow":"follow","max-snippet":"max-snippet:-1","max-image-preview":"max-image-preview:large","max-video-preview":"max-video-preview:-1"},"og_locale":"pt_BR","og_type":"article","og_title":"Pol\u00edtica de privacidade - SM Educa\u00e7\u00e3o - Juntos cuidamos da educa\u00e7\u00e3o!","og_description":"1. IDENTIFICA\u00c7\u00c3O Edi\u00e7\u00f5es SM LTDA.cujo nome fantasia \u00e9 SM EDUCA\u00c7\u00c3O, sociedade empres\u00e1ria limitada regularmente inscrita no CNPJ\/MF sob o n\u00ba 05.699.378\/0001-49, com sede na cidade de S\u00e3o Paulo\/SP, na Avenida Paulista,1842 \u2013 18\u00ba andar, conjuntos 185, 186 e 187, Edif\u00edcio Cetenco Plaza &#8211; Torre Norte, Bairro Bela Vista, CEP 01310-945. Encarregado de dados:\u00a0https:\/\/contactodpo.grupo-sm.com \u00c9 compromisso [&hellip;]","og_url":"https:\/\/projetoslayerup.com.br\/smeducacao\/politica-de-privacidade\/","og_site_name":"SM Educa\u00e7\u00e3o - Juntos cuidamos da educa\u00e7\u00e3o!","article_modified_time":"2026-08-17T19:43:52+00:00","twitter_card":"summary_large_image","twitter_misc":{"Est. tempo de leitura":"8 minutos"},"schema":{"@context":"https:\/\/schema.org","@graph":[{"@type":"WebPage","@id":"https:\/\/projetoslayerup.com.br\/smeducacao\/politica-de-privacidade\/","url":"https:\/\/projetoslayerup.com.br\/smeducacao\/politica-de-privacidade\/","name":"Pol\u00edtica de privacidade - SM Educa\u00e7\u00e3o - Juntos cuidamos da educa\u00e7\u00e3o!","isPartOf":{"@id":"https:\/\/projetoslayerup.com.br\/smeducacao\/#website"},"datePublished":"2026-08-13T16:50:38+00:00","dateModified":"2026-08-17T19:43:52+00:00","breadcrumb":{"@id":"https:\/\/projetoslayerup.com.br\/smeducacao\/politica-de-privacidade\/#breadcrumb"},"inLanguage":"pt-BR","potentialAction":[{"@type":"ReadAction","target":["https:\/\/projetoslayerup.com.br\/smeducacao\/politica-de-privacidade\/"]}]},{"@type":"BreadcrumbList","@id":"https:\/\/projetoslayerup.com.br\/smeducacao\/politica-de-privacidade\/#breadcrumb","itemListElement":[{"@type":"ListItem","position":1,"name":"In\u00edcio","item":"https:\/\/projetoslayerup.com.br\/smeducacao\/"},{"@type":"ListItem","position":2,"name":"Pol\u00edtica de privacidade"}]},{"@type":"WebSite","@id":"https:\/\/projetoslayerup.com.br\/smeducacao\/#website","url":"https:\/\/projetoslayerup.com.br\/smeducacao\/","name":"SM Educa\u00e7\u00e3o - Juntos cuidamos da educa\u00e7\u00e3o!","description":"Transformamos a educa\u00e7\u00e3o por meio de solu\u00e7\u00f5es digitais, solu\u00e7\u00f5es did\u00e1ticas para uma aprendizagem personalizada e solu\u00e7\u00f5es estrat\u00e9gicas eficientes. Juntos cuidamos da Educa\u00e7\u00e3o!","potentialAction":[{"@type":"SearchAction","target":{"@type":"EntryPoint","urlTemplate":"https:\/\/projetoslayerup.com.br\/smeducacao\/?s={search_term_string}"},"query-input":{"@type":"PropertyValueSpecification","valueRequired":true,"valueName":"search_term_string"}}],"inLanguage":"pt-BR"}]}},"_links":{"self":[{"href":"https:\/\/projetoslayerup.com.br\/smeducacao\/wp-json\/wp\/v2\/pages\/11810","targetHints":{"allow":["GET"]}}],"collection":[{"href":"https:\/\/projetoslayerup.com.br\/smeducacao\/wp-json\/wp\/v2\/pages"}],"about":[{"href":"https:\/\/projetoslayerup.com.br\/smeducacao\/wp-json\/wp\/v2\/types\/page"}],"author":[{"embeddable":true,"href":"https:\/\/projetoslayerup.com.br\/smeducacao\/wp-json\/wp\/v2\/users\/1"}],"replies":[{"embeddable":true,"href":"https:\/\/projetoslayerup.com.br\/smeducacao\/wp-json\/wp\/v2\/comments?post=11810"}],"version-history":[{"count":2,"href":"https:\/\/projetoslayerup.com.br\/smeducacao\/wp-json\/wp\/v2\/pages\/11810\/revisions"}],"predecessor-version":[{"id":12199,"href":"https:\/\/projetoslayerup.com.br\/smeducacao\/wp-json\/wp\/v2\/pages\/11810\/revisions\/12199"}],"wp:attachment":[{"href":"https:\/\/projetoslayerup.com.br\/smeducacao\/wp-json\/wp\/v2\/media?parent=11810"}],"curies":[{"name":"wp","href":"https:\/\/api.w.org\/{rel}","templated":true}]}}